{"id":134102,"date":"2021-09-29T07:23:42","date_gmt":"2021-09-29T10:23:42","guid":{"rendered":"https:\/\/www.missoeshumanitarias.org\/team\/"},"modified":"2023-08-01T21:42:12","modified_gmt":"2023-08-02T00:42:12","slug":"team","status":"publish","type":"page","link":"https:\/\/www.missoeshumanitarias.org\/en\/team\/","title":{"rendered":"Team of Trainers"},"content":{"rendered":"\t\t<div data-elementor-type=\"wp-page\" data-elementor-id=\"134102\" class=\"elementor elementor-134102 elementor-132799\" data-elementor-settings=\"{&quot;element_pack_global_tooltip_width&quot;:{&quot;unit&quot;:&quot;px&quot;,&quot;size&quot;:&quot;&quot;,&quot;sizes&quot;:[]},&quot;element_pack_global_tooltip_width_tablet&quot;:{&quot;unit&quot;:&quot;px&quot;,&quot;size&quot;:&quot;&quot;,&quot;sizes&quot;:[]},&quot;element_pack_global_tooltip_width_mobile&quot;:{&quot;unit&quot;:&quot;px&quot;,&quot;size&quot;:&quot;&quot;,&quot;sizes&quot;:[]},&quot;element_pack_global_tooltip_padding&quot;:{&quot;unit&quot;:&quot;px&quot;,&quot;top&quot;:&quot;&quot;,&quot;right&quot;:&quot;&quot;,&quot;bottom&quot;:&quot;&quot;,&quot;left&quot;:&quot;&quot;,&quot;isLinked&quot;:true},&quot;element_pack_global_tooltip_padding_tablet&quot;:{&quot;unit&quot;:&quot;px&quot;,&quot;top&quot;:&quot;&quot;,&quot;right&quot;:&quot;&quot;,&quot;bottom&quot;:&quot;&quot;,&quot;left&quot;:&quot;&quot;,&quot;isLinked&quot;:true},&quot;element_pack_global_tooltip_padding_mobile&quot;:{&quot;unit&quot;:&quot;px&quot;,&quot;top&quot;:&quot;&quot;,&quot;right&quot;:&quot;&quot;,&quot;bottom&quot;:&quot;&quot;,&quot;left&quot;:&quot;&quot;,&quot;isLinked&quot;:true},&quot;element_pack_global_tooltip_border_radius&quot;:{&quot;unit&quot;:&quot;px&quot;,&quot;top&quot;:&quot;&quot;,&quot;right&quot;:&quot;&quot;,&quot;bottom&quot;:&quot;&quot;,&quot;left&quot;:&quot;&quot;,&quot;isLinked&quot;:true},&quot;element_pack_global_tooltip_border_radius_tablet&quot;:{&quot;unit&quot;:&quot;px&quot;,&quot;top&quot;:&quot;&quot;,&quot;right&quot;:&quot;&quot;,&quot;bottom&quot;:&quot;&quot;,&quot;left&quot;:&quot;&quot;,&quot;isLinked&quot;:true},&quot;element_pack_global_tooltip_border_radius_mobile&quot;:{&quot;unit&quot;:&quot;px&quot;,&quot;top&quot;:&quot;&quot;,&quot;right&quot;:&quot;&quot;,&quot;bottom&quot;:&quot;&quot;,&quot;left&quot;:&quot;&quot;,&quot;isLinked&quot;:true}}\" data-elementor-post-type=\"page\">\n\t\t\t\t\t\t<section class=\"elementor-section elementor-top-section elementor-element elementor-element-e8fb967 elementor-section-height-min-height elementor-section-boxed elementor-section-height-default elementor-section-items-middle\" data-id=\"e8fb967\" data-element_type=\"section\" data-settings=\"{&quot;background_background&quot;:&quot;classic&quot;}\">\n\t\t\t\t\t\t\t<div class=\"elementor-background-overlay\"><\/div>\n\t\t\t\t\t\t\t<div class=\"elementor-container elementor-column-gap-default\">\n\t\t\t\t\t<div class=\"elementor-column elementor-col-100 elementor-top-column elementor-element elementor-element-f305983\" data-id=\"f305983\" data-element_type=\"column\">\n\t\t\t<div class=\"elementor-widget-wrap elementor-element-populated\">\n\t\t\t\t\t\t<div class=\"elementor-element elementor-element-72ff32d elementor-widget elementor-widget-heading\" data-id=\"72ff32d\" data-element_type=\"widget\" data-widget_type=\"heading.default\">\n\t\t\t\t<div class=\"elementor-widget-container\">\n\t\t\t<h1 class=\"elementor-heading-title elementor-size-default\">Team of Trainers<\/h1>\t\t<\/div>\n\t\t\t\t<\/div>\n\t\t\t\t\t<\/div>\n\t\t<\/div>\n\t\t\t\t\t<\/div>\n\t\t<\/section>\n\t\t\t\t<section class=\"elementor-section elementor-top-section elementor-element elementor-element-6fc20e2 elementor-section-boxed elementor-section-height-default elementor-section-height-default\" data-id=\"6fc20e2\" data-element_type=\"section\">\n\t\t\t\t\t\t<div class=\"elementor-container elementor-column-gap-default\">\n\t\t\t\t\t<div class=\"elementor-column elementor-col-100 elementor-top-column elementor-element elementor-element-e74e12b\" data-id=\"e74e12b\" data-element_type=\"column\">\n\t\t\t<div class=\"elementor-widget-wrap elementor-element-populated\">\n\t\t\t\t\t\t<div class=\"elementor-element elementor-element-d193a21 elementor-widget elementor-widget-text-editor\" data-id=\"d193a21\" data-element_type=\"widget\" data-widget_type=\"text-editor.default\">\n\t\t\t\t<div class=\"elementor-widget-container\">\n\t\t\t\t\t\t\tOur mission is to train internal and external teams either in virtual form or in person, so they are more ready to act in different contexts of the humanitarian response, according to the principles of fraternity, readiness, transparency, selfless service, respect and care for nature.\t\t\t\t\t\t<\/div>\n\t\t\t\t<\/div>\n\t\t\t\t<div class=\"elementor-element elementor-element-cee6e57 elementor-widget elementor-widget-bdt-tabs\" data-id=\"cee6e57\" data-element_type=\"widget\" data-widget_type=\"bdt-tabs.default\">\n\t\t\t\t<div class=\"elementor-widget-container\">\n\t\t\t        <div class=\"bdt-tabs-area\">\n\n            <div id=\"bdt-tabs-cee6e57-2806\" class=\"bdt-tabs  bdt-tabs-default\" data-settings=\"{&quot;id&quot;:&quot;bdt-tabs-cee6e57-2806&quot;,&quot;activeHash&quot;:&quot;no&quot;,&quot;hashTopOffset&quot;:70,&quot;hashScrollspyTime&quot;:1500,&quot;navStickyOffset&quot;:1,&quot;linkWidgetId&quot;:&quot;cee6e57-2806&quot;}\">\n                        <div class=\"bdt-tab-wrapper \">\n            <div >\n                <div class=\"bdt-tab bdt-tab-default  \" data-bdt-tab=\"connect: #bdt-tab-content-cee6e57-2806; animation: bdt-animation-fade; duration: 200;\" data-bdt-height-match=\"target: &gt; .bdt-tabs-item &gt; .bdt-tabs-item-title; row: false;\">\n                                            <div class=\"bdt-tabs-item\">\n                            <a data-title=\"ESFERA\" class=\"bdt-tabs-item-title\" id=\"bdt-tab-ESFERA\" data-tab-index=\"0\" href=\"#\">\n                                <div class=\"bdt-tab-text-wrapper bdt-flex-column\">\n\n                                    <div class=\"bdt-tab-title-icon-wrapper\">\n\n                                        \n                                                                                    <span class=\"bdt-tab-text\">\n                                                ESFERA                                            <\/span>\n                                        \n                                        \n                                    <\/div>\n\n                                    \n                                <\/div>\n                            <\/a>\n                        <\/div>\n                                            <div class=\"bdt-tabs-item\">\n                            <a data-title=\"CCCM\" class=\"bdt-tabs-item-title\" id=\"bdt-tab-CCCM\" data-tab-index=\"1\" href=\"#\">\n                                <div class=\"bdt-tab-text-wrapper bdt-flex-column\">\n\n                                    <div class=\"bdt-tab-title-icon-wrapper\">\n\n                                        \n                                                                                    <span class=\"bdt-tab-text\">\n                                                CCCM                                            <\/span>\n                                        \n                                        \n                                    <\/div>\n\n                                    \n                                <\/div>\n                            <\/a>\n                        <\/div>\n                                            <div class=\"bdt-tabs-item\">\n                            <a data-title=\"INEE\" class=\"bdt-tabs-item-title\" id=\"bdt-tab-INEE\" data-tab-index=\"2\" href=\"#\">\n                                <div class=\"bdt-tab-text-wrapper bdt-flex-column\">\n\n                                    <div class=\"bdt-tab-title-icon-wrapper\">\n\n                                        \n                                                                                    <span class=\"bdt-tab-text\">\n                                                INEE                                            <\/span>\n                                        \n                                        \n                                    <\/div>\n\n                                    \n                                <\/div>\n                            <\/a>\n                        <\/div>\n                                    <\/div>\n            <\/div>\n        <\/div>\n\n        <div class=\"bdt-switcher-wrapper\">\n            <div id=\"bdt-tab-content-cee6e57-2806\" class=\"bdt-switcher bdt-switcher-item-content\">\n                                                        <div class=\"bdt-tab-content-item \" \n                    data-content-id=\"esfera\">\n                        <div>\n                            \t\t<div data-elementor-type=\"section\" data-elementor-id=\"134090\" class=\"elementor elementor-134090 elementor-132802\" data-elementor-post-type=\"elementor_library\">\n\t\t\t\t\t<section class=\"elementor-section elementor-top-section elementor-element elementor-element-159b4829 elementor-section-boxed elementor-section-height-default elementor-section-height-default\" data-id=\"159b4829\" data-element_type=\"section\">\n\t\t\t\t\t\t<div class=\"elementor-container elementor-column-gap-default\">\n\t\t\t\t\t<div class=\"elementor-column elementor-col-100 elementor-top-column elementor-element elementor-element-580c77b\" data-id=\"580c77b\" data-element_type=\"column\">\n\t\t\t<div class=\"elementor-widget-wrap elementor-element-populated\">\n\t\t\t\t\t\t<div class=\"elementor-element elementor-element-4c2fe3c elementor-widget elementor-widget-heading\" data-id=\"4c2fe3c\" data-element_type=\"widget\" data-widget_type=\"heading.default\">\n\t\t\t\t<div class=\"elementor-widget-container\">\n\t\t\t<h2 class=\"elementor-heading-title elementor-size-default\">Sphere International Humanitarian Standards<\/h2>\t\t<\/div>\n\t\t\t\t<\/div>\n\t\t\t\t<section class=\"elementor-section elementor-inner-section elementor-element elementor-element-323262ee elementor-section-boxed elementor-section-height-default elementor-section-height-default\" data-id=\"323262ee\" data-element_type=\"section\">\n\t\t\t\t\t\t<div class=\"elementor-container elementor-column-gap-default\">\n\t\t\t\t\t<div class=\"elementor-column elementor-col-33 elementor-inner-column elementor-element elementor-element-3d1650e\" data-id=\"3d1650e\" data-element_type=\"column\">\n\t\t\t<div class=\"elementor-widget-wrap elementor-element-populated\">\n\t\t\t\t\t\t<div class=\"elementor-element elementor-element-5d47e075 elementor-widget elementor-widget-bdt-member\" data-id=\"5d47e075\" data-element_type=\"widget\" data-widget_type=\"bdt-member.default\">\n\t\t\t\t<div class=\"elementor-widget-container\">\n\t\t\t\n\t\t<div class=\"bdt-member skin-default bdt-transition-toggle\">\n\t\t\t\n\t\t\t\t<div class=\"bdt-member-photo-wrapper\">\n\n\t\t\t\t\t\n\t\t\t\t\t\t<div class=\"bdt-member-photo\">\n\t\t\t\t\t\t\t<div class=\"\">\n\n\t\t\t\t\t\t\t\t<img fetchpriority=\"high\" decoding=\"async\" width=\"362\" height=\"253\" src=\"https:\/\/www.missoeshumanitarias.org\/wp-content\/uploads\/2021\/09\/equipe-FMHI-RicardoT.jpg\" class=\"attachment- size-\" alt=\"Ricardo Oliveira Treno\" srcset=\"https:\/\/www.missoeshumanitarias.org\/wp-content\/uploads\/2021\/09\/equipe-FMHI-RicardoT.jpg 362w, https:\/\/www.missoeshumanitarias.org\/wp-content\/uploads\/2021\/09\/equipe-FMHI-RicardoT-300x210.jpg 300w\" sizes=\"(max-width: 362px) 100vw, 362px\" \/>\n\t\t\t\t\t\t\t<\/div>\n\t\t\t\t\t\t<\/div>\n\n\t\t\t\t\t\t\n\t\t\t\t<\/div>\n\t\t\t\n\t\t\t<div class=\"bdt-member-content\">\n\t\t\t\t\t\t\t\t\t<span class=\"bdt-member-name\">\n\t\t\t\t\t\tRicardo Oliveira Treno\t\t\t\t\t<\/span>\n\t\t\t\t\t\t\t\t\t\t\t\t\t\t\t\t\t<div class=\"bdt-member-text bdt-content-wrap\">\n\t\t\t\t\t\tHumanitarian worker for the Fraternity \u2013 Humanitarian Missions (FIHM) since 2017. Coordinator of the Greece Humanitarian Mission, training in the Sphere International Humanitarian Standards, focal point in Brazil and in Portugal. Languages: Portuguese, Spanish, English\t\t\t\t\t<\/div>\n\t\t\t\t\t\t\t<\/div>\n\n\t\t\t\n\t\t<\/div>\n\t\t\t\t<\/div>\n\t\t\t\t<\/div>\n\t\t\t\t\t<\/div>\n\t\t<\/div>\n\t\t\t\t<div class=\"elementor-column elementor-col-33 elementor-inner-column elementor-element elementor-element-fb15178\" data-id=\"fb15178\" data-element_type=\"column\">\n\t\t\t<div class=\"elementor-widget-wrap elementor-element-populated\">\n\t\t\t\t\t\t<div class=\"elementor-element elementor-element-61be088e elementor-widget elementor-widget-bdt-member\" data-id=\"61be088e\" data-element_type=\"widget\" data-widget_type=\"bdt-member.default\">\n\t\t\t\t<div class=\"elementor-widget-container\">\n\t\t\t\n\t\t<div class=\"bdt-member skin-default bdt-transition-toggle\">\n\t\t\t\n\t\t\t\t<div class=\"bdt-member-photo-wrapper\">\n\n\t\t\t\t\t\n\t\t\t\t\t\t<div class=\"bdt-member-photo\">\n\t\t\t\t\t\t\t<div class=\"\">\n\n\t\t\t\t\t\t\t\t<img decoding=\"async\" width=\"362\" height=\"253\" src=\"https:\/\/www.missoeshumanitarias.org\/wp-content\/uploads\/2021\/09\/equipe-FMHI-freiThomas03.jpg\" class=\"attachment- size-\" alt=\"Friar Thomas\" srcset=\"https:\/\/www.missoeshumanitarias.org\/wp-content\/uploads\/2021\/09\/equipe-FMHI-freiThomas03.jpg 362w, https:\/\/www.missoeshumanitarias.org\/wp-content\/uploads\/2021\/09\/equipe-FMHI-freiThomas03-300x210.jpg 300w\" sizes=\"(max-width: 362px) 100vw, 362px\" \/>\n\t\t\t\t\t\t\t<\/div>\n\t\t\t\t\t\t<\/div>\n\n\t\t\t\t\t\t\n\t\t\t\t<\/div>\n\t\t\t\n\t\t\t<div class=\"bdt-member-content\">\n\t\t\t\t\t\t\t\t\t<span class=\"bdt-member-name\">\n\t\t\t\t\t\tFriar Thomas\t\t\t\t\t<\/span>\n\t\t\t\t\t\t\t\t\t\t\t\t\t\t\t\t\t<div class=\"bdt-member-text bdt-content-wrap\">\n\t\t\t\t\t\tConsecrated monk of the Grace Mercy Order (GMO), humanitarian worker for the Fraternity \u2013 Humanitarian Missions (FIHM) since 2016. Paraguay mission, with the Guaran\u00ed indigenous people, assistant regional director of the Roraima Humanitarian Mission. \r\nLanguages: Portuguese, Spanish, English.\t\t\t\t\t<\/div>\n\t\t\t\t\t\t\t<\/div>\n\n\t\t\t\n\t\t<\/div>\n\t\t\t\t<\/div>\n\t\t\t\t<\/div>\n\t\t\t\t\t<\/div>\n\t\t<\/div>\n\t\t\t\t<div class=\"elementor-column elementor-col-33 elementor-inner-column elementor-element elementor-element-1c71944\" data-id=\"1c71944\" data-element_type=\"column\">\n\t\t\t<div class=\"elementor-widget-wrap elementor-element-populated\">\n\t\t\t\t\t\t<div class=\"elementor-element elementor-element-113b706a elementor-widget elementor-widget-bdt-member\" data-id=\"113b706a\" data-element_type=\"widget\" data-widget_type=\"bdt-member.default\">\n\t\t\t\t<div class=\"elementor-widget-container\">\n\t\t\t\n\t\t<div class=\"bdt-member skin-default bdt-transition-toggle\">\n\t\t\t\n\t\t\t\t<div class=\"bdt-member-photo-wrapper\">\n\n\t\t\t\t\t\n\t\t\t\t\t\t<div class=\"bdt-member-photo\">\n\t\t\t\t\t\t\t<div class=\"\">\n\n\t\t\t\t\t\t\t\t<img decoding=\"async\" width=\"362\" height=\"253\" src=\"https:\/\/www.missoeshumanitarias.org\/wp-content\/uploads\/2021\/09\/equipe-FMHI-irma-MLourdes.jpg\" class=\"attachment- size-\" alt=\"Sister Mar\u00eda de Lourdes\" srcset=\"https:\/\/www.missoeshumanitarias.org\/wp-content\/uploads\/2021\/09\/equipe-FMHI-irma-MLourdes.jpg 362w, https:\/\/www.missoeshumanitarias.org\/wp-content\/uploads\/2021\/09\/equipe-FMHI-irma-MLourdes-300x210.jpg 300w\" sizes=\"(max-width: 362px) 100vw, 362px\" \/>\n\t\t\t\t\t\t\t<\/div>\n\t\t\t\t\t\t<\/div>\n\n\t\t\t\t\t\t\n\t\t\t\t<\/div>\n\t\t\t\n\t\t\t<div class=\"bdt-member-content\">\n\t\t\t\t\t\t\t\t\t<span class=\"bdt-member-name\">\n\t\t\t\t\t\tSister Mar\u00eda de Lourdes\t\t\t\t\t<\/span>\n\t\t\t\t\t\t\t\t\t\t\t\t\t\t\t\t\t<div class=\"bdt-member-text bdt-content-wrap\">\n\t\t\t\t\t\tConsecrated monk of the Grace Mercy Order (GMO), humanitarian worker for the Fraternity \u2013 Humanitarian Missions (FIHM) since 2018. Coordination of Venezuelan refugee shelters, art-education sector of the Roraima Humanitarian Mission. Languages: Portuguese, Spanish, English.\t\t\t\t\t<\/div>\n\t\t\t\t\t\t\t<\/div>\n\n\t\t\t\n\t\t<\/div>\n\t\t\t\t<\/div>\n\t\t\t\t<\/div>\n\t\t\t\t\t<\/div>\n\t\t<\/div>\n\t\t\t\t\t<\/div>\n\t\t<\/section>\n\t\t\t\t<section class=\"elementor-section elementor-inner-section elementor-element elementor-element-44b1c50 elementor-section-boxed elementor-section-height-default elementor-section-height-default\" data-id=\"44b1c50\" data-element_type=\"section\">\n\t\t\t\t\t\t<div class=\"elementor-container elementor-column-gap-default\">\n\t\t\t\t\t<div class=\"elementor-column elementor-col-33 elementor-inner-column elementor-element elementor-element-d5c2c32\" data-id=\"d5c2c32\" data-element_type=\"column\">\n\t\t\t<div class=\"elementor-widget-wrap elementor-element-populated\">\n\t\t\t\t\t\t<div class=\"elementor-element elementor-element-9807876 elementor-widget elementor-widget-bdt-member\" data-id=\"9807876\" data-element_type=\"widget\" data-widget_type=\"bdt-member.default\">\n\t\t\t\t<div class=\"elementor-widget-container\">\n\t\t\t\n\t\t<div class=\"bdt-member skin-default bdt-transition-toggle\">\n\t\t\t\n\t\t\t\t<div class=\"bdt-member-photo-wrapper\">\n\n\t\t\t\t\t\n\t\t\t\t\t\t<div class=\"bdt-member-photo\">\n\t\t\t\t\t\t\t<div class=\"\">\n\n\t\t\t\t\t\t\t\t<img loading=\"lazy\" decoding=\"async\" width=\"362\" height=\"253\" src=\"https:\/\/www.missoeshumanitarias.org\/wp-content\/uploads\/2021\/09\/Gabriel-Godoy-Cyrilo.jpg\" class=\"attachment- size-\" alt=\"Gabriel Godoy Cyril\" srcset=\"https:\/\/www.missoeshumanitarias.org\/wp-content\/uploads\/2021\/09\/Gabriel-Godoy-Cyrilo.jpg 362w, https:\/\/www.missoeshumanitarias.org\/wp-content\/uploads\/2021\/09\/Gabriel-Godoy-Cyrilo-300x210.jpg 300w\" sizes=\"(max-width: 362px) 100vw, 362px\" \/>\n\t\t\t\t\t\t\t<\/div>\n\t\t\t\t\t\t<\/div>\n\n\t\t\t\t\t\t\n\t\t\t\t<\/div>\n\t\t\t\n\t\t\t<div class=\"bdt-member-content\">\n\t\t\t\t\t\t\t\t\t<span class=\"bdt-member-name\">\n\t\t\t\t\t\tGabriel Godoy Cyril\t\t\t\t\t<\/span>\n\t\t\t\t\t\t\t\t\t\t\t\t\t\t\t\t\t<div class=\"bdt-member-text bdt-content-wrap\">\n\t\t\t\t\t\tHumanitarian worker of the Fraternity - International Humanitarian Missions (FIHM) since 2020. Roraima Humanitarian Mission: Acting in the Means of Life and Durable Solutions sector as a course monitor and later as a focal point for socioeconomic inclusion at the FIHM Indigenous Cultural and Training Centre. Acting as assistant coordinator of the Janokoida shelter in Pacaraima, Roraima. Portugal Humanitarian Mission: Member of the programs and projects sector and of the Esfera training team. Bachelor of Economic Sciences. He served as a volunteer at AIESEC both in social exchanges in Latin America and in the administrative part of the organization as local director of social exchanges related to the Sustainable Development Goals (SDGs). Languages: Portuguese, Spanish and English.\t\t\t\t\t<\/div>\n\t\t\t\t\t\t\t<\/div>\n\n\t\t\t\n\t\t<\/div>\n\t\t\t\t<\/div>\n\t\t\t\t<\/div>\n\t\t\t\t\t<\/div>\n\t\t<\/div>\n\t\t\t\t<div class=\"elementor-column elementor-col-33 elementor-inner-column elementor-element elementor-element-5177691\" data-id=\"5177691\" data-element_type=\"column\">\n\t\t\t<div class=\"elementor-widget-wrap elementor-element-populated\">\n\t\t\t\t\t\t<div class=\"elementor-element elementor-element-b2fb695 elementor-widget elementor-widget-bdt-member\" data-id=\"b2fb695\" data-element_type=\"widget\" data-widget_type=\"bdt-member.default\">\n\t\t\t\t<div class=\"elementor-widget-container\">\n\t\t\t\n\t\t<div class=\"bdt-member skin-default bdt-transition-toggle\">\n\t\t\t\n\t\t\t\t<div class=\"bdt-member-photo-wrapper\">\n\n\t\t\t\t\t\n\t\t\t\t\t\t<div class=\"bdt-member-photo\">\n\t\t\t\t\t\t\t<div class=\"\">\n\n\t\t\t\t\t\t\t\t<img loading=\"lazy\" decoding=\"async\" width=\"362\" height=\"253\" src=\"https:\/\/www.missoeshumanitarias.org\/wp-content\/uploads\/2021\/09\/equipe-FMHI-Ricardo01.png\" class=\"attachment- size-\" alt=\"Ricardo Rinaldi Baumgartner\" srcset=\"https:\/\/www.missoeshumanitarias.org\/wp-content\/uploads\/2021\/09\/equipe-FMHI-Ricardo01.png 362w, https:\/\/www.missoeshumanitarias.org\/wp-content\/uploads\/2021\/09\/equipe-FMHI-Ricardo01-300x210.png 300w\" sizes=\"(max-width: 362px) 100vw, 362px\" \/>\n\t\t\t\t\t\t\t<\/div>\n\t\t\t\t\t\t<\/div>\n\n\t\t\t\t\t\t\n\t\t\t\t<\/div>\n\t\t\t\n\t\t\t<div class=\"bdt-member-content\">\n\t\t\t\t\t\t\t\t\t<span class=\"bdt-member-name\">\n\t\t\t\t\t\tRicardo Rinaldi Baumgartner\t\t\t\t\t<\/span>\n\t\t\t\t\t\t\t\t\t\t\t\t\t\t\t\t\t<div class=\"bdt-member-text bdt-content-wrap\">\n\t\t\t\t\t\tHumanitarian worker for the Fraternity \u2013 Humanitarian Missions (FIHM) since 2011. Rescue in emergency operations, coordinator and operational management of humanitarian missions such as Nepal, Nicaragua, Ethiopia, Kenya, Uganda, Rwanda, the Congo, the Middle East, Uruguay, Greece, Roraima, Chile, Colombia, the Lebanon. Certified trainer of Cluster \u2013 Camp Coordination Camp Management (CCCM), regional manager of the Roraima Humanitarian Mission. Languages: Portuguese, Spanish, English.\t\t\t\t\t<\/div>\n\t\t\t\t\t\t\t<\/div>\n\n\t\t\t\n\t\t<\/div>\n\t\t\t\t<\/div>\n\t\t\t\t<\/div>\n\t\t\t\t\t<\/div>\n\t\t<\/div>\n\t\t\t\t<div class=\"elementor-column elementor-col-33 elementor-inner-column elementor-element elementor-element-dc6bdef\" data-id=\"dc6bdef\" data-element_type=\"column\">\n\t\t\t<div class=\"elementor-widget-wrap elementor-element-populated\">\n\t\t\t\t\t\t<div class=\"elementor-element elementor-element-f0b6afc elementor-widget elementor-widget-bdt-member\" data-id=\"f0b6afc\" data-element_type=\"widget\" data-widget_type=\"bdt-member.default\">\n\t\t\t\t<div class=\"elementor-widget-container\">\n\t\t\t\n\t\t<div class=\"bdt-member skin-default bdt-transition-toggle\">\n\t\t\t\n\t\t\t\t<div class=\"bdt-member-photo-wrapper\">\n\n\t\t\t\t\t\n\t\t\t\t\t\t<div class=\"bdt-member-photo\">\n\t\t\t\t\t\t\t<div class=\"\">\n\n\t\t\t\t\t\t\t\t<img loading=\"lazy\" decoding=\"async\" width=\"362\" height=\"253\" src=\"https:\/\/www.missoeshumanitarias.org\/wp-content\/uploads\/2021\/09\/equipe-FMHI-Tissianie.jpg\" class=\"attachment- size-\" alt=\"Tissianie Cardoso Almeida\" srcset=\"https:\/\/www.missoeshumanitarias.org\/wp-content\/uploads\/2021\/09\/equipe-FMHI-Tissianie.jpg 362w, https:\/\/www.missoeshumanitarias.org\/wp-content\/uploads\/2021\/09\/equipe-FMHI-Tissianie-300x210.jpg 300w\" sizes=\"(max-width: 362px) 100vw, 362px\" \/>\n\t\t\t\t\t\t\t<\/div>\n\t\t\t\t\t\t<\/div>\n\n\t\t\t\t\t\t\n\t\t\t\t<\/div>\n\t\t\t\n\t\t\t<div class=\"bdt-member-content\">\n\t\t\t\t\t\t\t\t\t<span class=\"bdt-member-name\">\n\t\t\t\t\t\tTissianie Cardoso Almeida\t\t\t\t\t<\/span>\n\t\t\t\t\t\t\t\t\t\t\t\t\t\t\t\t\t<div class=\"bdt-member-text bdt-content-wrap\">\n\t\t\t\t\t\tHumanitarian worker for the Fraternity \u2013 Humanitarian Missions (FIHM) since 2017. Served in the following missions: Carmo da Cachoeira (MG), Zona da Mata, Brumadinho, Egypt, Roraima, regional coordinator for Manaus, Europe. \r\nLanguages: Portuguese, Spanish, French, English.\t\t\t\t\t<\/div>\n\t\t\t\t\t\t\t<\/div>\n\n\t\t\t\n\t\t<\/div>\n\t\t\t\t<\/div>\n\t\t\t\t<\/div>\n\t\t\t\t\t<\/div>\n\t\t<\/div>\n\t\t\t\t\t<\/div>\n\t\t<\/section>\n\t\t\t\t<section class=\"elementor-section elementor-inner-section elementor-element elementor-element-2c8837e elementor-section-boxed elementor-section-height-default elementor-section-height-default\" data-id=\"2c8837e\" data-element_type=\"section\">\n\t\t\t\t\t\t<div class=\"elementor-container elementor-column-gap-default\">\n\t\t\t\t\t<div class=\"elementor-column elementor-col-33 elementor-inner-column elementor-element elementor-element-0eaac0a\" data-id=\"0eaac0a\" data-element_type=\"column\">\n\t\t\t<div class=\"elementor-widget-wrap elementor-element-populated\">\n\t\t\t\t\t\t<div class=\"elementor-element elementor-element-d830b29 elementor-widget elementor-widget-bdt-member\" data-id=\"d830b29\" data-element_type=\"widget\" data-widget_type=\"bdt-member.default\">\n\t\t\t\t<div class=\"elementor-widget-container\">\n\t\t\t\n\t\t<div class=\"bdt-member skin-default bdt-transition-toggle\">\n\t\t\t\n\t\t\t\t<div class=\"bdt-member-photo-wrapper\">\n\n\t\t\t\t\t\n\t\t\t\t\t\t<div class=\"bdt-member-photo\">\n\t\t\t\t\t\t\t<div class=\"\">\n\n\t\t\t\t\t\t\t\t<img loading=\"lazy\" decoding=\"async\" width=\"362\" height=\"253\" src=\"https:\/\/www.missoeshumanitarias.org\/wp-content\/uploads\/2023\/06\/rafael-corbetta-01.jpg\" class=\"attachment- size-\" alt=\"Rafael Corbetta\" srcset=\"https:\/\/www.missoeshumanitarias.org\/wp-content\/uploads\/2023\/06\/rafael-corbetta-01.jpg 362w, https:\/\/www.missoeshumanitarias.org\/wp-content\/uploads\/2023\/06\/rafael-corbetta-01-300x210.jpg 300w\" sizes=\"(max-width: 362px) 100vw, 362px\" \/>\n\t\t\t\t\t\t\t<\/div>\n\t\t\t\t\t\t<\/div>\n\n\t\t\t\t\t\t\n\t\t\t\t<\/div>\n\t\t\t\n\t\t\t<div class=\"bdt-member-content\">\n\t\t\t\t\t\t\t\t\t<span class=\"bdt-member-name\">\n\t\t\t\t\t\tRafael Corbetta\t\t\t\t\t<\/span>\n\t\t\t\t\t\t\t\t\t\t\t\t\t\t\t\t\t<div class=\"bdt-member-text bdt-content-wrap\">\n\t\t\t\t\t\tA member of the Fraternity - International Humanitarian Missions core volunteer team since 2016. \n2016 to 2018 - served at the FIHM Headquarters overseeing logistics and communication; Field Assistant at the Carmo da Cachoeira Humanitarian Mission; \n2019 - Brumadinho Humanitarian Mission: field and communication assistant; \n2019 - Lebanon and Angola Humanitarian Mission: coordination and communication assistant; \n2019 to 2020 - Roraima Humanitarian Mission: Operation Manager and from 2020 to 2021; Regional Director; \n2022 - Bahia Humanitarian Mission: Pre planning, and Portugal and Angola Missions; \n2023 - Poland Mission: coordination and communication.\n\t\t\t\t\t<\/div>\n\t\t\t\t\t\t\t<\/div>\n\n\t\t\t\n\t\t<\/div>\n\t\t\t\t<\/div>\n\t\t\t\t<\/div>\n\t\t\t\t\t<\/div>\n\t\t<\/div>\n\t\t\t\t<div class=\"elementor-column elementor-col-33 elementor-inner-column elementor-element elementor-element-aa89bc2\" data-id=\"aa89bc2\" data-element_type=\"column\">\n\t\t\t<div class=\"elementor-widget-wrap elementor-element-populated\">\n\t\t\t\t\t\t<div class=\"elementor-element elementor-element-fc75b0f elementor-widget elementor-widget-bdt-member\" data-id=\"fc75b0f\" data-element_type=\"widget\" data-widget_type=\"bdt-member.default\">\n\t\t\t\t<div class=\"elementor-widget-container\">\n\t\t\t\n\t\t<div class=\"bdt-member skin-default bdt-transition-toggle\">\n\t\t\t\n\t\t\t\t<div class=\"bdt-member-photo-wrapper\">\n\n\t\t\t\t\t\n\t\t\t\t\t\t<div class=\"bdt-member-photo\">\n\t\t\t\t\t\t\t<div class=\"\">\n\n\t\t\t\t\t\t\t\t<img loading=\"lazy\" decoding=\"async\" width=\"362\" height=\"253\" src=\"https:\/\/www.missoeshumanitarias.org\/wp-content\/uploads\/2021\/09\/foto-irma-maria-raquel.png\" class=\"attachment- size-\" alt=\"Sister Maria Raquel\" srcset=\"https:\/\/www.missoeshumanitarias.org\/wp-content\/uploads\/2021\/09\/foto-irma-maria-raquel.png 362w, https:\/\/www.missoeshumanitarias.org\/wp-content\/uploads\/2021\/09\/foto-irma-maria-raquel-300x210.png 300w\" sizes=\"(max-width: 362px) 100vw, 362px\" \/>\n\t\t\t\t\t\t\t<\/div>\n\t\t\t\t\t\t<\/div>\n\n\t\t\t\t\t\t\n\t\t\t\t<\/div>\n\t\t\t\n\t\t\t<div class=\"bdt-member-content\">\n\t\t\t\t\t\t\t\t\t<span class=\"bdt-member-name\">\n\t\t\t\t\t\tSister Maria Raquel\t\t\t\t\t<\/span>\n\t\t\t\t\t\t\t\t\t\t\t\t\t\t\t\t\t<div class=\"bdt-member-text bdt-content-wrap\">\n\t\t\t\t\t\tHumanitarian worker for the Fraternity \u2013 Humanitarian Missions (FIHM) since 2020. Carmo da Cachoeira, Brumadinho, Roraima Missions, acting with other institutions and with vulnerable populations, institutional management of adolescent refuges, workshops and technical advice for the human rights coordinating body of the city of Porto Alegre, coordination of a referral center for social assistance and homeless people. \r\nLanguage: Portuguese.\t\t\t\t\t<\/div>\n\t\t\t\t\t\t\t<\/div>\n\n\t\t\t\n\t\t<\/div>\n\t\t\t\t<\/div>\n\t\t\t\t<\/div>\n\t\t\t\t\t<\/div>\n\t\t<\/div>\n\t\t\t\t<div class=\"elementor-column elementor-col-33 elementor-inner-column elementor-element elementor-element-064a3ea\" data-id=\"064a3ea\" data-element_type=\"column\">\n\t\t\t<div class=\"elementor-widget-wrap elementor-element-populated\">\n\t\t\t\t\t\t<div class=\"elementor-element elementor-element-5565740 elementor-widget elementor-widget-bdt-member\" data-id=\"5565740\" data-element_type=\"widget\" data-widget_type=\"bdt-member.default\">\n\t\t\t\t<div class=\"elementor-widget-container\">\n\t\t\t\n\t\t<div class=\"bdt-member skin-default bdt-transition-toggle\">\n\t\t\t\n\t\t\t\t<div class=\"bdt-member-photo-wrapper\">\n\n\t\t\t\t\t\n\t\t\t\t\t\t<div class=\"bdt-member-photo\">\n\t\t\t\t\t\t\t<div class=\"\">\n\n\t\t\t\t\t\t\t\t<img loading=\"lazy\" decoding=\"async\" width=\"362\" height=\"253\" src=\"https:\/\/www.missoeshumanitarias.org\/wp-content\/uploads\/2021\/09\/equipe-FMHI-Claudia.jpg\" class=\"attachment- size-\" alt=\"Cl\u00e1udia Sanches\" srcset=\"https:\/\/www.missoeshumanitarias.org\/wp-content\/uploads\/2021\/09\/equipe-FMHI-Claudia.jpg 362w, https:\/\/www.missoeshumanitarias.org\/wp-content\/uploads\/2021\/09\/equipe-FMHI-Claudia-300x210.jpg 300w\" sizes=\"(max-width: 362px) 100vw, 362px\" \/>\n\t\t\t\t\t\t\t<\/div>\n\t\t\t\t\t\t<\/div>\n\n\t\t\t\t\t\t\n\t\t\t\t<\/div>\n\t\t\t\n\t\t\t<div class=\"bdt-member-content\">\n\t\t\t\t\t\t\t\t\t<span class=\"bdt-member-name\">\n\t\t\t\t\t\tCl\u00e1udia Sanches\t\t\t\t\t<\/span>\n\t\t\t\t\t\t\t\t\t\t\t\t\t\t\t\t\t<div class=\"bdt-member-text bdt-content-wrap\">\n\t\t\t\t\t\tHumanitarian worker for the Fraternity \u2013 Humanitarian Missions (FIHM) since 2016. Roraima Humanitarian Mission, regional coordinator for Manaus and coordinator of shelters for Bahia Humanitarian Mission. Languages: Portuguese, Spanish.\t\t\t\t\t<\/div>\n\t\t\t\t\t\t\t<\/div>\n\n\t\t\t\n\t\t<\/div>\n\t\t\t\t<\/div>\n\t\t\t\t<\/div>\n\t\t\t\t\t<\/div>\n\t\t<\/div>\n\t\t\t\t\t<\/div>\n\t\t<\/section>\n\t\t\t\t\t<\/div>\n\t\t<\/div>\n\t\t\t\t\t<\/div>\n\t\t<\/section>\n\t\t\t\t<\/div>\n\t\t                        <\/div>\n                    <\/div>\n                                                        <div class=\"bdt-tab-content-item \" \n                    data-content-id=\"cccm\">\n                        <div>\n                            \t\t<div data-elementor-type=\"section\" data-elementor-id=\"134098\" class=\"elementor elementor-134098 elementor-132845\" data-elementor-post-type=\"elementor_library\">\n\t\t\t\t\t<section class=\"elementor-section elementor-top-section elementor-element elementor-element-333fcd3d elementor-section-boxed elementor-section-height-default elementor-section-height-default\" data-id=\"333fcd3d\" data-element_type=\"section\">\n\t\t\t\t\t\t<div class=\"elementor-container elementor-column-gap-default\">\n\t\t\t\t\t<div class=\"elementor-column elementor-col-100 elementor-top-column elementor-element elementor-element-3ba4c847\" data-id=\"3ba4c847\" data-element_type=\"column\">\n\t\t\t<div class=\"elementor-widget-wrap elementor-element-populated\">\n\t\t\t\t\t\t<div class=\"elementor-element elementor-element-27903d6 elementor-widget elementor-widget-heading\" data-id=\"27903d6\" data-element_type=\"widget\" data-widget_type=\"heading.default\">\n\t\t\t\t<div class=\"elementor-widget-container\">\n\t\t\t<h2 class=\"elementor-heading-title elementor-size-default\">CCCM \u2013 Camp Coordination and Camp Management<\/h2>\t\t<\/div>\n\t\t\t\t<\/div>\n\t\t\t\t<section class=\"elementor-section elementor-inner-section elementor-element elementor-element-4cdfb757 elementor-section-boxed elementor-section-height-default elementor-section-height-default\" data-id=\"4cdfb757\" data-element_type=\"section\">\n\t\t\t\t\t\t<div class=\"elementor-container elementor-column-gap-default\">\n\t\t\t\t\t<div class=\"elementor-column elementor-col-33 elementor-inner-column elementor-element elementor-element-65d87f33\" data-id=\"65d87f33\" data-element_type=\"column\">\n\t\t\t<div class=\"elementor-widget-wrap elementor-element-populated\">\n\t\t\t\t\t\t<div class=\"elementor-element elementor-element-6a7673f1 elementor-widget elementor-widget-bdt-member\" data-id=\"6a7673f1\" data-element_type=\"widget\" data-widget_type=\"bdt-member.default\">\n\t\t\t\t<div class=\"elementor-widget-container\">\n\t\t\t\n\t\t<div class=\"bdt-member skin-default bdt-transition-toggle\">\n\t\t\t\n\t\t\t\t<div class=\"bdt-member-photo-wrapper\">\n\n\t\t\t\t\t\n\t\t\t\t\t\t<div class=\"bdt-member-photo\">\n\t\t\t\t\t\t\t<div class=\"\">\n\n\t\t\t\t\t\t\t\t<img loading=\"lazy\" decoding=\"async\" width=\"362\" height=\"253\" src=\"https:\/\/www.missoeshumanitarias.org\/wp-content\/uploads\/2021\/09\/equipe-FMHI-Ricardo01.png\" class=\"attachment- size-\" alt=\"Ricardo Rinaldi Baumgartner\" srcset=\"https:\/\/www.missoeshumanitarias.org\/wp-content\/uploads\/2021\/09\/equipe-FMHI-Ricardo01.png 362w, https:\/\/www.missoeshumanitarias.org\/wp-content\/uploads\/2021\/09\/equipe-FMHI-Ricardo01-300x210.png 300w\" sizes=\"(max-width: 362px) 100vw, 362px\" \/>\n\t\t\t\t\t\t\t<\/div>\n\t\t\t\t\t\t<\/div>\n\n\t\t\t\t\t\t\n\t\t\t\t<\/div>\n\t\t\t\n\t\t\t<div class=\"bdt-member-content\">\n\t\t\t\t\t\t\t\t\t<span class=\"bdt-member-name\">\n\t\t\t\t\t\tRicardo Rinaldi Baumgartner\t\t\t\t\t<\/span>\n\t\t\t\t\t\t\t\t\t\t\t\t\t\t\t\t\t<div class=\"bdt-member-text bdt-content-wrap\">\n\t\t\t\t\t\tHumanitarian worker for the Fraternity \u2013 Humanitarian Missions (FIHM) since 2011. Rescue in emergency operations, coordinator and operational management of humanitarian missions such as Nepal, Nicaragua, Ethiopia, Kenya, Uganda, Rwanda, the Congo, the Middle East, Uruguay, Greece, Roraima, Chile, Colombia, the Lebanon. Certified trainer of Cluster \u2013 Camp Coordination Camp Management (CCCM), regional manager of the Roraima Humanitarian Mission. Languages: Portuguese, Spanish, English.\t\t\t\t\t<\/div>\n\t\t\t\t\t\t\t<\/div>\n\n\t\t\t\n\t\t<\/div>\n\t\t\t\t<\/div>\n\t\t\t\t<\/div>\n\t\t\t\t\t<\/div>\n\t\t<\/div>\n\t\t\t\t<div class=\"elementor-column elementor-col-33 elementor-inner-column elementor-element elementor-element-51dc1dd3\" data-id=\"51dc1dd3\" data-element_type=\"column\">\n\t\t\t<div class=\"elementor-widget-wrap elementor-element-populated\">\n\t\t\t\t\t\t<div class=\"elementor-element elementor-element-776675d6 elementor-widget elementor-widget-bdt-member\" data-id=\"776675d6\" data-element_type=\"widget\" data-widget_type=\"bdt-member.default\">\n\t\t\t\t<div class=\"elementor-widget-container\">\n\t\t\t\n\t\t<div class=\"bdt-member skin-default bdt-transition-toggle\">\n\t\t\t\n\t\t\t\t<div class=\"bdt-member-photo-wrapper\">\n\n\t\t\t\t\t\n\t\t\t\t\t\t<div class=\"bdt-member-photo\">\n\t\t\t\t\t\t\t<div class=\"\">\n\n\t\t\t\t\t\t\t\t<img loading=\"lazy\" decoding=\"async\" width=\"362\" height=\"253\" src=\"https:\/\/www.missoeshumanitarias.org\/wp-content\/uploads\/2021\/09\/equipe-FMHI-Imer-1.jpg\" class=\"attachment- size-\" alt=\"Imer de Mirna\" srcset=\"https:\/\/www.missoeshumanitarias.org\/wp-content\/uploads\/2021\/09\/equipe-FMHI-Imer-1.jpg 362w, https:\/\/www.missoeshumanitarias.org\/wp-content\/uploads\/2021\/09\/equipe-FMHI-Imer-1-300x210.jpg 300w\" sizes=\"(max-width: 362px) 100vw, 362px\" \/>\n\t\t\t\t\t\t\t<\/div>\n\t\t\t\t\t\t<\/div>\n\n\t\t\t\t\t\t\n\t\t\t\t<\/div>\n\t\t\t\n\t\t\t<div class=\"bdt-member-content\">\n\t\t\t\t\t\t\t\t\t<span class=\"bdt-member-name\">\n\t\t\t\t\t\tImer de Mirna\t\t\t\t\t<\/span>\n\t\t\t\t\t\t\t\t\t\t\t\t\t\t\t\t\t<div class=\"bdt-member-text bdt-content-wrap\">\n\t\t\t\t\t\tHumanitarian worker for the Fraternity \u2013 Humanitarian Missions (FIHM) since 2013. Coordinator of humanitarian missions such as Colombia, Uruguay, Turkey, Greece, Rwanda\/Uganda\/Congo, Ethiopia\/Kenya. Certified trainer of Cluster \u2013 Camp Coordination Camp Management (CCCM), manager of durable solutions of the Roraima Humanitarian Mission. \r\nLanguages: Spanish, Portuguese, English.\t\t\t\t\t<\/div>\n\t\t\t\t\t\t\t<\/div>\n\n\t\t\t\n\t\t<\/div>\n\t\t\t\t<\/div>\n\t\t\t\t<\/div>\n\t\t\t\t\t<\/div>\n\t\t<\/div>\n\t\t\t\t<div class=\"elementor-column elementor-col-33 elementor-inner-column elementor-element elementor-element-2d6e61e9\" data-id=\"2d6e61e9\" data-element_type=\"column\">\n\t\t\t<div class=\"elementor-widget-wrap\">\n\t\t\t\t\t\t\t<\/div>\n\t\t<\/div>\n\t\t\t\t\t<\/div>\n\t\t<\/section>\n\t\t\t\t\t<\/div>\n\t\t<\/div>\n\t\t\t\t\t<\/div>\n\t\t<\/section>\n\t\t\t\t<\/div>\n\t\t                        <\/div>\n                    <\/div>\n                                                        <div class=\"bdt-tab-content-item \" \n                    data-content-id=\"inee\">\n                        <div>\n                            \t\t<div data-elementor-type=\"section\" data-elementor-id=\"134094\" class=\"elementor elementor-134094 elementor-132854\" data-elementor-post-type=\"elementor_library\">\n\t\t\t\t\t<section class=\"elementor-section elementor-top-section elementor-element elementor-element-4e2af90f elementor-section-boxed elementor-section-height-default elementor-section-height-default\" data-id=\"4e2af90f\" data-element_type=\"section\">\n\t\t\t\t\t\t<div class=\"elementor-container elementor-column-gap-default\">\n\t\t\t\t\t<div class=\"elementor-column elementor-col-100 elementor-top-column elementor-element elementor-element-5b46c724\" data-id=\"5b46c724\" data-element_type=\"column\">\n\t\t\t<div class=\"elementor-widget-wrap elementor-element-populated\">\n\t\t\t\t\t\t<div class=\"elementor-element elementor-element-0f07453 elementor-widget elementor-widget-heading\" data-id=\"0f07453\" data-element_type=\"widget\" data-widget_type=\"heading.default\">\n\t\t\t\t<div class=\"elementor-widget-container\">\n\t\t\t<h2 class=\"elementor-heading-title elementor-size-default\">INNE \u2013 Interinstitutional Network for Education in Emergency Situations<\/h2>\t\t<\/div>\n\t\t\t\t<\/div>\n\t\t\t\t<section class=\"elementor-section elementor-inner-section elementor-element elementor-element-7530fbec elementor-section-boxed elementor-section-height-default elementor-section-height-default\" data-id=\"7530fbec\" data-element_type=\"section\">\n\t\t\t\t\t\t<div class=\"elementor-container elementor-column-gap-default\">\n\t\t\t\t\t<div class=\"elementor-column elementor-col-33 elementor-inner-column elementor-element elementor-element-ec9695b\" data-id=\"ec9695b\" data-element_type=\"column\">\n\t\t\t<div class=\"elementor-widget-wrap elementor-element-populated\">\n\t\t\t\t\t\t<div class=\"elementor-element elementor-element-ae719c8 elementor-widget elementor-widget-bdt-member\" data-id=\"ae719c8\" data-element_type=\"widget\" data-widget_type=\"bdt-member.default\">\n\t\t\t\t<div class=\"elementor-widget-container\">\n\t\t\t\n\t\t<div class=\"bdt-member skin-default bdt-transition-toggle\">\n\t\t\t\n\t\t\t\t<div class=\"bdt-member-photo-wrapper\">\n\n\t\t\t\t\t\n\t\t\t\t\t\t<div class=\"bdt-member-photo\">\n\t\t\t\t\t\t\t<div class=\"\">\n\n\t\t\t\t\t\t\t\t<img loading=\"lazy\" decoding=\"async\" width=\"362\" height=\"253\" src=\"https:\/\/www.missoeshumanitarias.org\/wp-content\/uploads\/2021\/09\/equipe-FMHI-Francisca.png\" class=\"attachment- size-\" alt=\"Francisca Santana\" srcset=\"https:\/\/www.missoeshumanitarias.org\/wp-content\/uploads\/2021\/09\/equipe-FMHI-Francisca.png 362w, https:\/\/www.missoeshumanitarias.org\/wp-content\/uploads\/2021\/09\/equipe-FMHI-Francisca-300x210.png 300w\" sizes=\"(max-width: 362px) 100vw, 362px\" \/>\n\t\t\t\t\t\t\t<\/div>\n\t\t\t\t\t\t<\/div>\n\n\t\t\t\t\t\t\n\t\t\t\t<\/div>\n\t\t\t\n\t\t\t<div class=\"bdt-member-content\">\n\t\t\t\t\t\t\t\t\t<span class=\"bdt-member-name\">\n\t\t\t\t\t\tFrancisca Santana\t\t\t\t\t<\/span>\n\t\t\t\t\t\t\t\t\t\t\t\t\t\t\t\t\t<div class=\"bdt-member-text bdt-content-wrap\">\n\t\t\t\t\t\tHumanitarian worker for the Fraternity \u2013 Humanitarian Missions (FIHM) since 2017. Roraima Humanitarian Mission. Focal point of INEE Brazil. \r\nLanguage: Portuguese.\t\t\t\t\t<\/div>\n\t\t\t\t\t\t\t<\/div>\n\n\t\t\t\n\t\t<\/div>\n\t\t\t\t<\/div>\n\t\t\t\t<\/div>\n\t\t\t\t\t<\/div>\n\t\t<\/div>\n\t\t\t\t<div class=\"elementor-column elementor-col-33 elementor-inner-column elementor-element elementor-element-385704f2\" data-id=\"385704f2\" data-element_type=\"column\">\n\t\t\t<div class=\"elementor-widget-wrap elementor-element-populated\">\n\t\t\t\t\t\t<div class=\"elementor-element elementor-element-7e9c965c elementor-widget elementor-widget-bdt-member\" data-id=\"7e9c965c\" data-element_type=\"widget\" data-widget_type=\"bdt-member.default\">\n\t\t\t\t<div class=\"elementor-widget-container\">\n\t\t\t\n\t\t<div class=\"bdt-member skin-default bdt-transition-toggle\">\n\t\t\t\n\t\t\t\t<div class=\"bdt-member-photo-wrapper\">\n\n\t\t\t\t\t\n\t\t\t\t\t\t<div class=\"bdt-member-photo\">\n\t\t\t\t\t\t\t<div class=\"\">\n\n\t\t\t\t\t\t\t\t<img loading=\"lazy\" decoding=\"async\" width=\"362\" height=\"253\" src=\"https:\/\/www.missoeshumanitarias.org\/wp-content\/uploads\/2021\/09\/equipe-FMHI-Anderson.jpg\" class=\"attachment- size-\" alt=\"Anderson Pereira Santiago\" srcset=\"https:\/\/www.missoeshumanitarias.org\/wp-content\/uploads\/2021\/09\/equipe-FMHI-Anderson.jpg 362w, https:\/\/www.missoeshumanitarias.org\/wp-content\/uploads\/2021\/09\/equipe-FMHI-Anderson-300x210.jpg 300w\" sizes=\"(max-width: 362px) 100vw, 362px\" \/>\n\t\t\t\t\t\t\t<\/div>\n\t\t\t\t\t\t<\/div>\n\n\t\t\t\t\t\t\n\t\t\t\t<\/div>\n\t\t\t\n\t\t\t<div class=\"bdt-member-content\">\n\t\t\t\t\t\t\t\t\t<span class=\"bdt-member-name\">\n\t\t\t\t\t\tAnderson Pereira Santiago\t\t\t\t\t<\/span>\n\t\t\t\t\t\t\t\t\t\t\t\t\t\t\t\t\t<div class=\"bdt-member-text bdt-content-wrap\">\n\t\t\t\t\t\tHumanitarian worker for the Fraternity \u2013 Humanitarian Missions (FIHM) since 2018. Coordinator of the art-education sector of the Roraima Humanitarian Mission, coordinator of education and institutional relations in the Colombia Mission, manager of Education in Emergency, focal point of INEE 2020-2021, Institutional Relations and Projects and Programs in Europe Mission, coordination of Bahia Humanitarian Mission. \r\nLanguages: Portuguese, Spanish, English.\t\t\t\t\t<\/div>\n\t\t\t\t\t\t\t<\/div>\n\n\t\t\t\n\t\t<\/div>\n\t\t\t\t<\/div>\n\t\t\t\t<\/div>\n\t\t\t\t\t<\/div>\n\t\t<\/div>\n\t\t\t\t<div class=\"elementor-column elementor-col-33 elementor-inner-column elementor-element elementor-element-509423ae\" data-id=\"509423ae\" data-element_type=\"column\">\n\t\t\t<div class=\"elementor-widget-wrap elementor-element-populated\">\n\t\t\t\t\t\t<div class=\"elementor-element elementor-element-a488d5a elementor-widget elementor-widget-bdt-member\" data-id=\"a488d5a\" data-element_type=\"widget\" data-widget_type=\"bdt-member.default\">\n\t\t\t\t<div class=\"elementor-widget-container\">\n\t\t\t\n\t\t<div class=\"bdt-member skin-default bdt-transition-toggle\">\n\t\t\t\n\t\t\t\t<div class=\"bdt-member-photo-wrapper\">\n\n\t\t\t\t\t\n\t\t\t\t\t\t<div class=\"bdt-member-photo\">\n\t\t\t\t\t\t\t<div class=\"\">\n\n\t\t\t\t\t\t\t\t<img loading=\"lazy\" decoding=\"async\" width=\"362\" height=\"253\" src=\"https:\/\/www.missoeshumanitarias.org\/wp-content\/uploads\/2021\/09\/equipe-FMHI-Fatima.jpg\" class=\"attachment- size-\" alt=\"F\u00e1tima Gon\u00e7alves Cavalcante\" srcset=\"https:\/\/www.missoeshumanitarias.org\/wp-content\/uploads\/2021\/09\/equipe-FMHI-Fatima.jpg 362w, https:\/\/www.missoeshumanitarias.org\/wp-content\/uploads\/2021\/09\/equipe-FMHI-Fatima-300x210.jpg 300w\" sizes=\"(max-width: 362px) 100vw, 362px\" \/>\n\t\t\t\t\t\t\t<\/div>\n\t\t\t\t\t\t<\/div>\n\n\t\t\t\t\t\t\n\t\t\t\t<\/div>\n\t\t\t\n\t\t\t<div class=\"bdt-member-content\">\n\t\t\t\t\t\t\t\t\t<span class=\"bdt-member-name\">\n\t\t\t\t\t\tF\u00e1tima Gon\u00e7alves Cavalcante\t\t\t\t\t<\/span>\n\t\t\t\t\t\t\t\t\t\t\t\t\t\t\t\t\t<div class=\"bdt-member-text bdt-content-wrap\">\n\t\t\t\t\t\tHumanitarian worker for the Fraternity \u2013 Humanitarian Missions (FIHM) since 2018. Coordinator of the art-education sector of the Roraima Humanitarian Mission, member of the Bahia Humanitarian Mission team. Languages: Portuguese, Spanish, English.\t\t\t\t\t<\/div>\n\t\t\t\t\t\t\t<\/div>\n\n\t\t\t\n\t\t<\/div>\n\t\t\t\t<\/div>\n\t\t\t\t<\/div>\n\t\t\t\t\t<\/div>\n\t\t<\/div>\n\t\t\t\t\t<\/div>\n\t\t<\/section>\n\t\t\t\t<section class=\"elementor-section elementor-inner-section elementor-element elementor-element-1860b3fb elementor-section-boxed elementor-section-height-default elementor-section-height-default\" data-id=\"1860b3fb\" data-element_type=\"section\">\n\t\t\t\t\t\t<div class=\"elementor-container elementor-column-gap-default\">\n\t\t\t\t\t<div class=\"elementor-column elementor-col-33 elementor-inner-column elementor-element elementor-element-37bf94fd\" data-id=\"37bf94fd\" data-element_type=\"column\">\n\t\t\t<div class=\"elementor-widget-wrap elementor-element-populated\">\n\t\t\t\t\t\t<div class=\"elementor-element elementor-element-6c046a6 elementor-widget elementor-widget-bdt-member\" data-id=\"6c046a6\" data-element_type=\"widget\" data-widget_type=\"bdt-member.default\">\n\t\t\t\t<div class=\"elementor-widget-container\">\n\t\t\t\n\t\t<div class=\"bdt-member skin-default bdt-transition-toggle\">\n\t\t\t\n\t\t\t\t<div class=\"bdt-member-photo-wrapper\">\n\n\t\t\t\t\t\n\t\t\t\t\t\t<div class=\"bdt-member-photo\">\n\t\t\t\t\t\t\t<div class=\"\">\n\n\t\t\t\t\t\t\t\t<img loading=\"lazy\" decoding=\"async\" width=\"362\" height=\"253\" src=\"https:\/\/www.missoeshumanitarias.org\/wp-content\/uploads\/2021\/09\/equipe-FMHI-Angelica.jpg\" class=\"attachment- size-\" alt=\"Ang\u00e9lica de Luj\u00e1n Baglivo\" srcset=\"https:\/\/www.missoeshumanitarias.org\/wp-content\/uploads\/2021\/09\/equipe-FMHI-Angelica.jpg 362w, https:\/\/www.missoeshumanitarias.org\/wp-content\/uploads\/2021\/09\/equipe-FMHI-Angelica-300x210.jpg 300w\" sizes=\"(max-width: 362px) 100vw, 362px\" \/>\n\t\t\t\t\t\t\t<\/div>\n\t\t\t\t\t\t<\/div>\n\n\t\t\t\t\t\t\n\t\t\t\t<\/div>\n\t\t\t\n\t\t\t<div class=\"bdt-member-content\">\n\t\t\t\t\t\t\t\t\t<span class=\"bdt-member-name\">\n\t\t\t\t\t\tAng\u00e9lica de Luj\u00e1n Baglivo\t\t\t\t\t<\/span>\n\t\t\t\t\t\t\t\t\t\t\t\t\t\t\t\t\t<div class=\"bdt-member-text bdt-content-wrap\">\n\t\t\t\t\t\tHumanitarian worker for the Fraternity \u2013 Humanitarian Missions (FIHM) since 2016. Manaus regional coordinator and coordinator of shelters in the Bahia Humanitarian Mission. \r\nLanguages: Spanish, Portuguese.\t\t\t\t\t<\/div>\n\t\t\t\t\t\t\t<\/div>\n\n\t\t\t\n\t\t<\/div>\n\t\t\t\t<\/div>\n\t\t\t\t<\/div>\n\t\t\t\t\t<\/div>\n\t\t<\/div>\n\t\t\t\t<div class=\"elementor-column elementor-col-33 elementor-inner-column elementor-element elementor-element-3a5842e\" data-id=\"3a5842e\" data-element_type=\"column\">\n\t\t\t<div class=\"elementor-widget-wrap elementor-element-populated\">\n\t\t\t\t\t\t<div class=\"elementor-element elementor-element-6d01e509 elementor-widget elementor-widget-bdt-member\" data-id=\"6d01e509\" data-element_type=\"widget\" data-widget_type=\"bdt-member.default\">\n\t\t\t\t<div class=\"elementor-widget-container\">\n\t\t\t\n\t\t<div class=\"bdt-member skin-default bdt-transition-toggle\">\n\t\t\t\n\t\t\t\t<div class=\"bdt-member-photo-wrapper\">\n\n\t\t\t\t\t\n\t\t\t\t\t\t<div class=\"bdt-member-photo\">\n\t\t\t\t\t\t\t<div class=\"\">\n\n\t\t\t\t\t\t\t\t<img loading=\"lazy\" decoding=\"async\" width=\"362\" height=\"253\" src=\"https:\/\/www.missoeshumanitarias.org\/wp-content\/uploads\/2021\/09\/equipe-FMHI-Raquel.jpg\" class=\"attachment- size-\" alt=\"Raquel de Souza\" srcset=\"https:\/\/www.missoeshumanitarias.org\/wp-content\/uploads\/2021\/09\/equipe-FMHI-Raquel.jpg 362w, https:\/\/www.missoeshumanitarias.org\/wp-content\/uploads\/2021\/09\/equipe-FMHI-Raquel-300x210.jpg 300w\" sizes=\"(max-width: 362px) 100vw, 362px\" \/>\n\t\t\t\t\t\t\t<\/div>\n\t\t\t\t\t\t<\/div>\n\n\t\t\t\t\t\t\n\t\t\t\t<\/div>\n\t\t\t\n\t\t\t<div class=\"bdt-member-content\">\n\t\t\t\t\t\t\t\t\t<span class=\"bdt-member-name\">\n\t\t\t\t\t\tRaquel de Souza\t\t\t\t\t<\/span>\n\t\t\t\t\t\t\t\t\t\t\t\t\t\t\t\t\t<div class=\"bdt-member-text bdt-content-wrap\">\n\t\t\t\t\t\tHumanitarian worker for the Fraternity \u2013 Humanitarian Missions (FIHM) since 2017. Roraima Humanitarian Mission, coordinator of shelter and art-education sector. \r\nLanguages: Portuguese, Spanish.\t\t\t\t\t<\/div>\n\t\t\t\t\t\t\t<\/div>\n\n\t\t\t\n\t\t<\/div>\n\t\t\t\t<\/div>\n\t\t\t\t<\/div>\n\t\t\t\t\t<\/div>\n\t\t<\/div>\n\t\t\t\t<div class=\"elementor-column elementor-col-33 elementor-inner-column elementor-element elementor-element-293915c8\" data-id=\"293915c8\" data-element_type=\"column\">\n\t\t\t<div class=\"elementor-widget-wrap elementor-element-populated\">\n\t\t\t\t\t\t<div class=\"elementor-element elementor-element-5c53362 elementor-widget elementor-widget-bdt-member\" data-id=\"5c53362\" data-element_type=\"widget\" data-widget_type=\"bdt-member.default\">\n\t\t\t\t<div class=\"elementor-widget-container\">\n\t\t\t\n\t\t<div class=\"bdt-member skin-default bdt-transition-toggle\">\n\t\t\t\n\t\t\t\t<div class=\"bdt-member-photo-wrapper\">\n\n\t\t\t\t\t\n\t\t\t\t\t\t<div class=\"bdt-member-photo\">\n\t\t\t\t\t\t\t<div class=\"\">\n\n\t\t\t\t\t\t\t\t<img loading=\"lazy\" decoding=\"async\" width=\"362\" height=\"253\" src=\"https:\/\/www.missoeshumanitarias.org\/wp-content\/uploads\/2021\/09\/equipe-FMHI-Debora01.png\" class=\"attachment- size-\" alt=\"D\u00e9bora Caldeira Murta\" srcset=\"https:\/\/www.missoeshumanitarias.org\/wp-content\/uploads\/2021\/09\/equipe-FMHI-Debora01.png 362w, https:\/\/www.missoeshumanitarias.org\/wp-content\/uploads\/2021\/09\/equipe-FMHI-Debora01-300x210.png 300w\" sizes=\"(max-width: 362px) 100vw, 362px\" \/>\n\t\t\t\t\t\t\t<\/div>\n\t\t\t\t\t\t<\/div>\n\n\t\t\t\t\t\t\n\t\t\t\t<\/div>\n\t\t\t\n\t\t\t<div class=\"bdt-member-content\">\n\t\t\t\t\t\t\t\t\t<span class=\"bdt-member-name\">\n\t\t\t\t\t\tD\u00e9bora Caldeira Murta\t\t\t\t\t<\/span>\n\t\t\t\t\t\t\t\t\t\t\t\t\t\t\t\t\t<div class=\"bdt-member-text bdt-content-wrap\">\n\t\t\t\t\t\tHumanitarian worker for the Fraternity \u2013 Humanitarian Missions (FIHM) since 2017. Shelter coordinator assistant in Roraima Humanitarian Mission, member of the support team for the Bahia Humanitarian Mission. Languages: Portuguese, Spanish.\t\t\t\t\t<\/div>\n\t\t\t\t\t\t\t<\/div>\n\n\t\t\t\n\t\t<\/div>\n\t\t\t\t<\/div>\n\t\t\t\t<\/div>\n\t\t\t\t\t<\/div>\n\t\t<\/div>\n\t\t\t\t\t<\/div>\n\t\t<\/section>\n\t\t\t\t<section class=\"elementor-section elementor-inner-section elementor-element elementor-element-1d6353c elementor-section-boxed elementor-section-height-default elementor-section-height-default\" data-id=\"1d6353c\" data-element_type=\"section\">\n\t\t\t\t\t\t<div class=\"elementor-container elementor-column-gap-default\">\n\t\t\t\t\t<div class=\"elementor-column elementor-col-33 elementor-inner-column elementor-element elementor-element-f7b4e31\" data-id=\"f7b4e31\" data-element_type=\"column\">\n\t\t\t<div class=\"elementor-widget-wrap elementor-element-populated\">\n\t\t\t\t\t\t<div class=\"elementor-element elementor-element-47d44126 elementor-widget elementor-widget-bdt-member\" data-id=\"47d44126\" data-element_type=\"widget\" data-widget_type=\"bdt-member.default\">\n\t\t\t\t<div class=\"elementor-widget-container\">\n\t\t\t\n\t\t<div class=\"bdt-member skin-default bdt-transition-toggle\">\n\t\t\t\n\t\t\t\t<div class=\"bdt-member-photo-wrapper\">\n\n\t\t\t\t\t\n\t\t\t\t\t\t<div class=\"bdt-member-photo\">\n\t\t\t\t\t\t\t<div class=\"\">\n\n\t\t\t\t\t\t\t\t<img decoding=\"async\" width=\"362\" height=\"253\" src=\"https:\/\/www.missoeshumanitarias.org\/wp-content\/uploads\/2021\/09\/equipe-FMHI-irma-MLourdes.jpg\" class=\"attachment- size-\" alt=\"Sister Mar\u00eda de Lourdes\" srcset=\"https:\/\/www.missoeshumanitarias.org\/wp-content\/uploads\/2021\/09\/equipe-FMHI-irma-MLourdes.jpg 362w, https:\/\/www.missoeshumanitarias.org\/wp-content\/uploads\/2021\/09\/equipe-FMHI-irma-MLourdes-300x210.jpg 300w\" sizes=\"(max-width: 362px) 100vw, 362px\" \/>\n\t\t\t\t\t\t\t<\/div>\n\t\t\t\t\t\t<\/div>\n\n\t\t\t\t\t\t\n\t\t\t\t<\/div>\n\t\t\t\n\t\t\t<div class=\"bdt-member-content\">\n\t\t\t\t\t\t\t\t\t<span class=\"bdt-member-name\">\n\t\t\t\t\t\tSister Mar\u00eda de Lourdes\t\t\t\t\t<\/span>\n\t\t\t\t\t\t\t\t\t\t\t\t\t\t\t\t\t<div class=\"bdt-member-text bdt-content-wrap\">\n\t\t\t\t\t\tConsecrated monk of the Grace Mercy Order (GMO), humanitarian worker for the Fraternity \u2013 Humanitarian Missions (FIHM) since 2018. Coordinator of Venezuelan refugee shelters, art-education sector of the Roraima Humanitarian Mission. Languages: Portuguese, Spanish, English.\t\t\t\t\t<\/div>\n\t\t\t\t\t\t\t<\/div>\n\n\t\t\t\n\t\t<\/div>\n\t\t\t\t<\/div>\n\t\t\t\t<\/div>\n\t\t\t\t\t<\/div>\n\t\t<\/div>\n\t\t\t\t<div class=\"elementor-column elementor-col-33 elementor-inner-column elementor-element elementor-element-b7156dd\" data-id=\"b7156dd\" data-element_type=\"column\">\n\t\t\t<div class=\"elementor-widget-wrap\">\n\t\t\t\t\t\t\t<\/div>\n\t\t<\/div>\n\t\t\t\t<div class=\"elementor-column elementor-col-33 elementor-inner-column elementor-element elementor-element-c7986bf\" data-id=\"c7986bf\" data-element_type=\"column\">\n\t\t\t<div class=\"elementor-widget-wrap\">\n\t\t\t\t\t\t\t<\/div>\n\t\t<\/div>\n\t\t\t\t\t<\/div>\n\t\t<\/section>\n\t\t\t\t\t<\/div>\n\t\t<\/div>\n\t\t\t\t\t<\/div>\n\t\t<\/section>\n\t\t\t\t<\/div>\n\t\t                        <\/div>\n                    <\/div>\n                            <\/div>\n        <\/div>\n                    <a href=\"#\" id=\"bottom-anchor-cee6e57-2806\" data-bdt-hidden><\/a>\n            <\/div>\n        <\/div>\n    \t\t<\/div>\n\t\t\t\t<\/div>\n\t\t\t\t\t<\/div>\n\t\t<\/div>\n\t\t\t\t\t<\/div>\n\t\t<\/section>\n\t\t\t\t<\/div>\n\t\t","protected":false},"excerpt":{"rendered":"<p>Team of Trainers Our mission is to train internal and external teams either in virtual form or in person, so they are more ready to act in different contexts of the humanitarian response, according to the principles of fraternity, readiness, transparency, selfless service, respect and care for nature. ESFERA CCCM INEE Sphere International Humanitarian Standards [&hellip;]<\/p>\n","protected":false},"author":1,"featured_media":132868,"parent":0,"menu_order":0,"comment_status":"closed","ping_status":"closed","template":"elementor_header_footer","meta":{"footnotes":""},"class_list":["post-134102","page","type-page","status-publish","has-post-thumbnail","hentry"],"featured_image_src":"https:\/\/www.missoeshumanitarias.org\/wp-content\/uploads\/2021\/09\/pagina-equipe-capacitacao02.jpg","yoast_head":"<!-- This site is optimized with the Yoast SEO Premium plugin v22.5 (Yoast SEO v22.5) - https:\/\/yoast.com\/wordpress\/plugins\/seo\/ -->\n<title>Team of Trainers - Fraternidade Miss\u00f5es Humanit\u00e1rias Internacionais<\/title>\n<meta name=\"robots\" content=\"index, follow, max-snippet:-1, max-image-preview:large, max-video-preview:-1\" \/>\n<link rel=\"canonical\" href=\"https:\/\/www.missoeshumanitarias.org\/equipe-de-capacitadores\/\" \/>\n<meta property=\"og:locale\" content=\"en_US\" \/>\n<meta property=\"og:type\" content=\"article\" \/>\n<meta property=\"og:title\" content=\"Team of Trainers\" \/>\n<meta property=\"og:description\" content=\"Team of Trainers Our mission is to train internal and external teams either in virtual form or in person, so they are more ready to act in different contexts of the humanitarian response, according to the principles of fraternity, readiness, transparency, selfless service, respect and care for nature. ESFERA CCCM INEE Sphere International Humanitarian Standards [&hellip;]\" \/>\n<meta property=\"og:url\" content=\"https:\/\/www.missoeshumanitarias.org\/equipe-de-capacitadores\/\" \/>\n<meta property=\"og:site_name\" content=\"Fraternidade Miss\u00f5es Humanit\u00e1rias Internacionais\" \/>\n<meta property=\"article:modified_time\" content=\"2023-08-02T00:42:12+00:00\" \/>\n<meta property=\"og:image\" content=\"https:\/\/www.missoeshumanitarias.org\/wp-content\/uploads\/2021\/09\/pagina-equipe-capacitacao02.jpg\" \/>\n\t<meta property=\"og:image:width\" content=\"2000\" \/>\n\t<meta property=\"og:image:height\" content=\"700\" \/>\n\t<meta property=\"og:image:type\" content=\"image\/jpeg\" \/>\n<meta name=\"twitter:card\" content=\"summary_large_image\" \/>\n<meta name=\"twitter:label1\" content=\"Est. reading time\" \/>\n\t<meta name=\"twitter:data1\" content=\"18 minutes\" \/>\n<script type=\"application\/ld+json\" class=\"yoast-schema-graph\">{\"@context\":\"https:\/\/schema.org\",\"@graph\":[{\"@type\":\"WebPage\",\"@id\":\"https:\/\/www.missoeshumanitarias.org\/equipe-de-capacitadores\/\",\"url\":\"https:\/\/www.missoeshumanitarias.org\/equipe-de-capacitadores\/\",\"name\":\"Team of Trainers - Fraternidade Miss\u00f5es Humanit\u00e1rias Internacionais\",\"isPartOf\":{\"@id\":\"https:\/\/www.missoeshumanitarias.org\/es\/#website\"},\"primaryImageOfPage\":{\"@id\":\"https:\/\/www.missoeshumanitarias.org\/equipe-de-capacitadores\/#primaryimage\"},\"image\":{\"@id\":\"https:\/\/www.missoeshumanitarias.org\/equipe-de-capacitadores\/#primaryimage\"},\"thumbnailUrl\":\"https:\/\/www.missoeshumanitarias.org\/wp-content\/uploads\/2021\/09\/pagina-equipe-capacitacao02.jpg\",\"datePublished\":\"2021-09-29T10:23:42+00:00\",\"dateModified\":\"2023-08-02T00:42:12+00:00\",\"breadcrumb\":{\"@id\":\"https:\/\/www.missoeshumanitarias.org\/equipe-de-capacitadores\/#breadcrumb\"},\"inLanguage\":\"en-US\",\"potentialAction\":[{\"@type\":\"ReadAction\",\"target\":[\"https:\/\/www.missoeshumanitarias.org\/equipe-de-capacitadores\/\"]}]},{\"@type\":\"ImageObject\",\"inLanguage\":\"en-US\",\"@id\":\"https:\/\/www.missoeshumanitarias.org\/equipe-de-capacitadores\/#primaryimage\",\"url\":\"https:\/\/www.missoeshumanitarias.org\/wp-content\/uploads\/2021\/09\/pagina-equipe-capacitacao02.jpg\",\"contentUrl\":\"https:\/\/www.missoeshumanitarias.org\/wp-content\/uploads\/2021\/09\/pagina-equipe-capacitacao02.jpg\",\"width\":2000,\"height\":700},{\"@type\":\"BreadcrumbList\",\"@id\":\"https:\/\/www.missoeshumanitarias.org\/equipe-de-capacitadores\/#breadcrumb\",\"itemListElement\":[{\"@type\":\"ListItem\",\"position\":1,\"name\":\"Home\",\"item\":\"https:\/\/www.missoeshumanitarias.org\/en\/\"},{\"@type\":\"ListItem\",\"position\":2,\"name\":\"Team of Trainers\"}]},{\"@type\":\"WebSite\",\"@id\":\"https:\/\/www.missoeshumanitarias.org\/es\/#website\",\"url\":\"https:\/\/www.missoeshumanitarias.org\/es\/\",\"name\":\"Fraternidade Miss\u00f5es Humanit\u00e1rias Internacionais\",\"description\":\"Respostas Humanit\u00e1rias e Emerg\u00eancias\",\"publisher\":{\"@id\":\"https:\/\/www.missoeshumanitarias.org\/es\/#organization\"},\"potentialAction\":[{\"@type\":\"SearchAction\",\"target\":{\"@type\":\"EntryPoint\",\"urlTemplate\":\"https:\/\/www.missoeshumanitarias.org\/es\/?s={search_term_string}\"},\"query-input\":\"required name=search_term_string\"}],\"inLanguage\":\"en-US\"},{\"@type\":\"Organization\",\"@id\":\"https:\/\/www.missoeshumanitarias.org\/es\/#organization\",\"name\":\"Fraternidade - Miss\u00f5es Humanit\u00e1rias Internacionais\",\"url\":\"https:\/\/www.missoeshumanitarias.org\/es\/\",\"logo\":{\"@type\":\"ImageObject\",\"inLanguage\":\"en-US\",\"@id\":\"https:\/\/www.missoeshumanitarias.org\/es\/#\/schema\/logo\/image\/\",\"url\":\"https:\/\/www.missoeshumanitarias.org\/wp-content\/uploads\/2020\/05\/logo-FMHI-mg.png\",\"contentUrl\":\"https:\/\/www.missoeshumanitarias.org\/wp-content\/uploads\/2020\/05\/logo-FMHI-mg.png\",\"width\":520,\"height\":134,\"caption\":\"Fraternidade - Miss\u00f5es Humanit\u00e1rias Internacionais\"},\"image\":{\"@id\":\"https:\/\/www.missoeshumanitarias.org\/es\/#\/schema\/logo\/image\/\"}}]}<\/script>\n<!-- \/ Yoast SEO Premium plugin. -->","yoast_head_json":{"title":"Team of Trainers - Fraternidade Miss\u00f5es Humanit\u00e1rias Internacionais","robots":{"index":"index","follow":"follow","max-snippet":"max-snippet:-1","max-image-preview":"max-image-preview:large","max-video-preview":"max-video-preview:-1"},"canonical":"https:\/\/www.missoeshumanitarias.org\/equipe-de-capacitadores\/","og_locale":"en_US","og_type":"article","og_title":"Team of Trainers","og_description":"Team of Trainers Our mission is to train internal and external teams either in virtual form or in person, so they are more ready to act in different contexts of the humanitarian response, according to the principles of fraternity, readiness, transparency, selfless service, respect and care for nature. ESFERA CCCM INEE Sphere International Humanitarian Standards [&hellip;]","og_url":"https:\/\/www.missoeshumanitarias.org\/equipe-de-capacitadores\/","og_site_name":"Fraternidade Miss\u00f5es Humanit\u00e1rias Internacionais","article_modified_time":"2023-08-02T00:42:12+00:00","og_image":[{"width":2000,"height":700,"url":"https:\/\/www.missoeshumanitarias.org\/wp-content\/uploads\/2021\/09\/pagina-equipe-capacitacao02.jpg","type":"image\/jpeg"}],"twitter_card":"summary_large_image","twitter_misc":{"Est. reading time":"18 minutes"},"schema":{"@context":"https:\/\/schema.org","@graph":[{"@type":"WebPage","@id":"https:\/\/www.missoeshumanitarias.org\/equipe-de-capacitadores\/","url":"https:\/\/www.missoeshumanitarias.org\/equipe-de-capacitadores\/","name":"Team of Trainers - Fraternidade Miss\u00f5es Humanit\u00e1rias Internacionais","isPartOf":{"@id":"https:\/\/www.missoeshumanitarias.org\/es\/#website"},"primaryImageOfPage":{"@id":"https:\/\/www.missoeshumanitarias.org\/equipe-de-capacitadores\/#primaryimage"},"image":{"@id":"https:\/\/www.missoeshumanitarias.org\/equipe-de-capacitadores\/#primaryimage"},"thumbnailUrl":"https:\/\/www.missoeshumanitarias.org\/wp-content\/uploads\/2021\/09\/pagina-equipe-capacitacao02.jpg","datePublished":"2021-09-29T10:23:42+00:00","dateModified":"2023-08-02T00:42:12+00:00","breadcrumb":{"@id":"https:\/\/www.missoeshumanitarias.org\/equipe-de-capacitadores\/#breadcrumb"},"inLanguage":"en-US","potentialAction":[{"@type":"ReadAction","target":["https:\/\/www.missoeshumanitarias.org\/equipe-de-capacitadores\/"]}]},{"@type":"ImageObject","inLanguage":"en-US","@id":"https:\/\/www.missoeshumanitarias.org\/equipe-de-capacitadores\/#primaryimage","url":"https:\/\/www.missoeshumanitarias.org\/wp-content\/uploads\/2021\/09\/pagina-equipe-capacitacao02.jpg","contentUrl":"https:\/\/www.missoeshumanitarias.org\/wp-content\/uploads\/2021\/09\/pagina-equipe-capacitacao02.jpg","width":2000,"height":700},{"@type":"BreadcrumbList","@id":"https:\/\/www.missoeshumanitarias.org\/equipe-de-capacitadores\/#breadcrumb","itemListElement":[{"@type":"ListItem","position":1,"name":"Home","item":"https:\/\/www.missoeshumanitarias.org\/en\/"},{"@type":"ListItem","position":2,"name":"Team of Trainers"}]},{"@type":"WebSite","@id":"https:\/\/www.missoeshumanitarias.org\/es\/#website","url":"https:\/\/www.missoeshumanitarias.org\/es\/","name":"Fraternidade Miss\u00f5es Humanit\u00e1rias Internacionais","description":"Respostas Humanit\u00e1rias e Emerg\u00eancias","publisher":{"@id":"https:\/\/www.missoeshumanitarias.org\/es\/#organization"},"potentialAction":[{"@type":"SearchAction","target":{"@type":"EntryPoint","urlTemplate":"https:\/\/www.missoeshumanitarias.org\/es\/?s={search_term_string}"},"query-input":"required name=search_term_string"}],"inLanguage":"en-US"},{"@type":"Organization","@id":"https:\/\/www.missoeshumanitarias.org\/es\/#organization","name":"Fraternidade - Miss\u00f5es Humanit\u00e1rias Internacionais","url":"https:\/\/www.missoeshumanitarias.org\/es\/","logo":{"@type":"ImageObject","inLanguage":"en-US","@id":"https:\/\/www.missoeshumanitarias.org\/es\/#\/schema\/logo\/image\/","url":"https:\/\/www.missoeshumanitarias.org\/wp-content\/uploads\/2020\/05\/logo-FMHI-mg.png","contentUrl":"https:\/\/www.missoeshumanitarias.org\/wp-content\/uploads\/2020\/05\/logo-FMHI-mg.png","width":520,"height":134,"caption":"Fraternidade - Miss\u00f5es Humanit\u00e1rias Internacionais"},"image":{"@id":"https:\/\/www.missoeshumanitarias.org\/es\/#\/schema\/logo\/image\/"}}]}},"_links":{"self":[{"href":"https:\/\/www.missoeshumanitarias.org\/en\/wp-json\/wp\/v2\/pages\/134102","targetHints":{"allow":["GET"]}}],"collection":[{"href":"https:\/\/www.missoeshumanitarias.org\/en\/wp-json\/wp\/v2\/pages"}],"about":[{"href":"https:\/\/www.missoeshumanitarias.org\/en\/wp-json\/wp\/v2\/types\/page"}],"author":[{"embeddable":true,"href":"https:\/\/www.missoeshumanitarias.org\/en\/wp-json\/wp\/v2\/users\/1"}],"replies":[{"embeddable":true,"href":"https:\/\/www.missoeshumanitarias.org\/en\/wp-json\/wp\/v2\/comments?post=134102"}],"version-history":[{"count":0,"href":"https:\/\/www.missoeshumanitarias.org\/en\/wp-json\/wp\/v2\/pages\/134102\/revisions"}],"wp:featuredmedia":[{"embeddable":true,"href":"https:\/\/www.missoeshumanitarias.org\/en\/wp-json\/wp\/v2\/media\/132868"}],"wp:attachment":[{"href":"https:\/\/www.missoeshumanitarias.org\/en\/wp-json\/wp\/v2\/media?parent=134102"}],"curies":[{"name":"wp","href":"https:\/\/api.w.org\/{rel}","templated":true}]}}