{"version":"1.0","provider_name":"Fraternidade Miss\u00f5es Humanit\u00e1rias Internacionais","provider_url":"https:\/\/www.missoeshumanitarias.org\/es\/","title":"Diario de la Misi\u00f3n Medio Oriente - 14\/02","type":"rich","width":600,"height":338,"html":"<blockquote class=\"wp-embedded-content\" data-secret=\"8ycuMeYVX6\"><a href=\"https:\/\/www.missoeshumanitarias.org\/es\/diario-de-la-mision-medio-oriente-14-02\/\">Diario de la Misi\u00f3n Medio Oriente &#8211; 14\/02<\/a><\/blockquote><iframe sandbox=\"allow-scripts\" security=\"restricted\" src=\"https:\/\/www.missoeshumanitarias.org\/es\/diario-de-la-mision-medio-oriente-14-02\/embed\/#?secret=8ycuMeYVX6\" width=\"600\" height=\"338\" title=\"\u00abDiario de la Misi\u00f3n Medio Oriente &#8211; 14\/02\u00bb \u2014 Fraternidade Miss\u00f5es Humanit\u00e1rias Internacionais\" data-secret=\"8ycuMeYVX6\" frameborder=\"0\" marginwidth=\"0\" marginheight=\"0\" scrolling=\"no\" class=\"wp-embedded-content\"><\/iframe><script>\n\/*! This file is auto-generated *\/\n!function(d,l){\"use strict\";l.querySelector&&d.addEventListener&&\"undefined\"!=typeof URL&&(d.wp=d.wp||{},d.wp.receiveEmbedMessage||(d.wp.receiveEmbedMessage=function(e){var t=e.data;if((t||t.secret||t.message||t.value)&&!\/[^a-zA-Z0-9]\/.test(t.secret)){for(var s,r,n,a=l.querySelectorAll('iframe[data-secret=\"'+t.secret+'\"]'),o=l.querySelectorAll('blockquote[data-secret=\"'+t.secret+'\"]'),c=new RegExp(\"^https?:$\",\"i\"),i=0;i<o.length;i++)o[i].style.display=\"none\";for(i=0;i<a.length;i++)s=a[i],e.source===s.contentWindow&&(s.removeAttribute(\"style\"),\"height\"===t.message?(1e3<(r=parseInt(t.value,10))?r=1e3:~~r<200&&(r=200),s.height=r):\"link\"===t.message&&(r=new URL(s.getAttribute(\"src\")),n=new URL(t.value),c.test(n.protocol))&&n.host===r.host&&l.activeElement===s&&(d.top.location.href=t.value))}},d.addEventListener(\"message\",d.wp.receiveEmbedMessage,!1),l.addEventListener(\"DOMContentLoaded\",function(){for(var e,t,s=l.querySelectorAll(\"iframe.wp-embedded-content\"),r=0;r<s.length;r++)(t=(e=s[r]).getAttribute(\"data-secret\"))||(t=Math.random().toString(36).substring(2,12),e.src+=\"#?secret=\"+t,e.setAttribute(\"data-secret\",t)),e.contentWindow.postMessage({message:\"ready\",secret:t},\"*\")},!1)))}(window,document);\n\/\/# sourceURL=https:\/\/www.missoeshumanitarias.org\/wp-includes\/js\/wp-embed.min.js\n<\/script>\n","thumbnail_url":"https:\/\/www.missoeshumanitarias.org\/wp-content\/uploads\/2021\/08\/Ancara_Turquia-1.jpg","thumbnail_width":700,"thumbnail_height":394,"description":"14\/02 Participaci\u00f3n en la Misa celebrada en la Iglesia de la embajada del Vaticano, en la ciudad de Ankara. Por la tarde, reuni\u00f3n con la coordinaci\u00f3n de la ASAM para programar la segunda etapa de la Misi\u00f3n."}