{"version":"1.0","provider_name":"Fraternidade Miss\u00f5es Humanit\u00e1rias Internacionais","provider_url":"https:\/\/www.missoeshumanitarias.org\/es\/","title":"Misi\u00f3n Roraima Humanitaria \u2013 Instalaci\u00f3n de hamacas y carpas","type":"rich","width":600,"height":338,"html":"<blockquote class=\"wp-embedded-content\" data-secret=\"VVToYxSe6J\"><a href=\"https:\/\/www.missoeshumanitarias.org\/es\/mision-roraima-humanitaria-instalacion-de-hamacas-y-carpas\/\">Misi\u00f3n Roraima Humanitaria \u2013 Instalaci\u00f3n de hamacas y carpas<\/a><\/blockquote><iframe sandbox=\"allow-scripts\" security=\"restricted\" src=\"https:\/\/www.missoeshumanitarias.org\/es\/mision-roraima-humanitaria-instalacion-de-hamacas-y-carpas\/embed\/#?secret=VVToYxSe6J\" width=\"600\" height=\"338\" title=\"\u00abMisi\u00f3n Roraima Humanitaria \u2013 Instalaci\u00f3n de hamacas y carpas\u00bb \u2014 Fraternidade Miss\u00f5es Humanit\u00e1rias Internacionais\" data-secret=\"VVToYxSe6J\" frameborder=\"0\" marginwidth=\"0\" marginheight=\"0\" scrolling=\"no\" class=\"wp-embedded-content\"><\/iframe><script>\n\/*! This file is auto-generated *\/\n!function(d,l){\"use strict\";l.querySelector&&d.addEventListener&&\"undefined\"!=typeof URL&&(d.wp=d.wp||{},d.wp.receiveEmbedMessage||(d.wp.receiveEmbedMessage=function(e){var t=e.data;if((t||t.secret||t.message||t.value)&&!\/[^a-zA-Z0-9]\/.test(t.secret)){for(var s,r,n,a=l.querySelectorAll('iframe[data-secret=\"'+t.secret+'\"]'),o=l.querySelectorAll('blockquote[data-secret=\"'+t.secret+'\"]'),c=new RegExp(\"^https?:$\",\"i\"),i=0;i<o.length;i++)o[i].style.display=\"none\";for(i=0;i<a.length;i++)s=a[i],e.source===s.contentWindow&&(s.removeAttribute(\"style\"),\"height\"===t.message?(1e3<(r=parseInt(t.value,10))?r=1e3:~~r<200&&(r=200),s.height=r):\"link\"===t.message&&(r=new URL(s.getAttribute(\"src\")),n=new URL(t.value),c.test(n.protocol))&&n.host===r.host&&l.activeElement===s&&(d.top.location.href=t.value))}},d.addEventListener(\"message\",d.wp.receiveEmbedMessage,!1),l.addEventListener(\"DOMContentLoaded\",function(){for(var e,t,s=l.querySelectorAll(\"iframe.wp-embedded-content\"),r=0;r<s.length;r++)(t=(e=s[r]).getAttribute(\"data-secret\"))||(t=Math.random().toString(36).substring(2,12),e.src+=\"#?secret=\"+t,e.setAttribute(\"data-secret\",t)),e.contentWindow.postMessage({message:\"ready\",secret:t},\"*\")},!1)))}(window,document);\n\/\/# sourceURL=https:\/\/www.missoeshumanitarias.org\/wp-includes\/js\/wp-embed.min.js\n<\/script>\n","thumbnail_url":"https:\/\/www.missoeshumanitarias.org\/wp-content\/uploads\/2021\/08\/acnur_missao_roraima_barracas3.jpg","thumbnail_width":690,"thumbnail_height":388,"description":"[fusion_vimeo id=\u00bbhttps:\/\/vimeo.com\/240887963&#8243; alignment=\u00bbcenter\u00bb width=\u00bb350&#8243; height=\u00bb200&#8243; autoplay=\u00bbtrue\u00bb api_params=\u00bb\u00bb hide_on_mobile=\u00bbsmall-visibility,medium-visibility,large-visibility\u00bb class=\u00bb\u00bb][\/fusion_vimeo] 2 al 8 de octubre Lunes 2 de octubre Por la ma\u00f1ana, la arquitecta del Alto Comisionado de \u00a0las Naciones Unidas para los Refugiados (ACNUR) se reuni\u00f3 con misioneros de la Fraternidade \u2013 Federaci\u00f3n Humanitaria Internacional y con los l\u00edderes venezolanos ind\u00edgenas y no ind\u00edgenas. Se [&hellip;]"}